{"version":"1.0","provider_name":"UNIVERS.TG","provider_url":"https:\/\/univers.tg","author_name":"Jeremy Ahossou","author_url":"https:\/\/univers.tg\/index.php\/author\/jeremy-ahossou\/","title":"Togo : une c\u00e9l\u00e9bration du 66\u1d49 anniversaire de l\u2019ind\u00e9pendance plac\u00e9e sous le signe de l\u2019unit\u00e9 et de l\u2019avenir - UNIVERS.TG","type":"rich","width":600,"height":338,"html":"<blockquote class=\"wp-embedded-content\" data-secret=\"Tz62AGbbTw\"><a href=\"https:\/\/univers.tg\/index.php\/2026\/04\/28\/7984\/\">Togo : une c\u00e9l\u00e9bration du 66\u1d49 anniversaire de l\u2019ind\u00e9pendance plac\u00e9e sous le signe de l\u2019unit\u00e9 et de l\u2019avenir<\/a><\/blockquote><iframe sandbox=\"allow-scripts\" security=\"restricted\" src=\"https:\/\/univers.tg\/index.php\/2026\/04\/28\/7984\/embed\/#?secret=Tz62AGbbTw\" width=\"600\" height=\"338\" title=\"\u00ab\u00a0Togo : une c\u00e9l\u00e9bration du 66\u1d49 anniversaire de l\u2019ind\u00e9pendance plac\u00e9e sous le signe de l\u2019unit\u00e9 et de l\u2019avenir\u00a0\u00bb &#8212; UNIVERS.TG\" data-secret=\"Tz62AGbbTw\" frameborder=\"0\" marginwidth=\"0\" marginheight=\"0\" scrolling=\"no\" class=\"wp-embedded-content\"><\/iframe><script type=\"text\/javascript\">\n\/* <![CDATA[ *\/\n\/*! This file is auto-generated *\/\n!function(d,l){\"use strict\";l.querySelector&&d.addEventListener&&\"undefined\"!=typeof URL&&(d.wp=d.wp||{},d.wp.receiveEmbedMessage||(d.wp.receiveEmbedMessage=function(e){var t=e.data;if((t||t.secret||t.message||t.value)&&!\/[^a-zA-Z0-9]\/.test(t.secret)){for(var s,r,n,a=l.querySelectorAll('iframe[data-secret=\"'+t.secret+'\"]'),o=l.querySelectorAll('blockquote[data-secret=\"'+t.secret+'\"]'),c=new RegExp(\"^https?:$\",\"i\"),i=0;i<o.length;i++)o[i].style.display=\"none\";for(i=0;i<a.length;i++)s=a[i],e.source===s.contentWindow&&(s.removeAttribute(\"style\"),\"height\"===t.message?(1e3<(r=parseInt(t.value,10))?r=1e3:~~r<200&&(r=200),s.height=r):\"link\"===t.message&&(r=new URL(s.getAttribute(\"src\")),n=new URL(t.value),c.test(n.protocol))&&n.host===r.host&&l.activeElement===s&&(d.top.location.href=t.value))}},d.addEventListener(\"message\",d.wp.receiveEmbedMessage,!1),l.addEventListener(\"DOMContentLoaded\",function(){for(var e,t,s=l.querySelectorAll(\"iframe.wp-embedded-content\"),r=0;r<s.length;r++)(t=(e=s[r]).getAttribute(\"data-secret\"))||(t=Math.random().toString(36).substring(2,12),e.src+=\"#?secret=\"+t,e.setAttribute(\"data-secret\",t)),e.contentWindow.postMessage({message:\"ready\",secret:t},\"*\")},!1)))}(window,document);\n\/\/# sourceURL=https:\/\/univers.tg\/wp-includes\/js\/wp-embed.min.js\n\/* ]]> *\/\n<\/script>\n","thumbnail_url":"https:\/\/univers.tg\/wp-content\/uploads\/2026\/04\/IMG-20260428-WA0000-1.jpg?wsr","thumbnail_width":1280,"thumbnail_height":853,"description":"Le Togo a c\u00e9l\u00e9br\u00e9, le 27 avril 2026, le 66\u1d49 anniversaire de son accession \u00e0 la souverainet\u00e9 internationale dans une ambiance empreinte de patriotisme. Plac\u00e9e sous le th\u00e8me de l\u2019hospitalit\u00e9 et de la m\u00e9diation au service d\u2019une diplomatie active, cette comm\u00e9moration a \u00e9t\u00e9 marqu\u00e9e par des manifestations organis\u00e9es sur toute l\u2019\u00e9tendue du territoire, traduisant une"}